{"id":488,"date":"2022-04-29T19:03:07","date_gmt":"2022-04-29T17:03:07","guid":{"rendered":"http:\/\/apedys35.org\/?page_id=488"},"modified":"2022-04-29T19:03:31","modified_gmt":"2022-04-29T17:03:31","slug":"2023-pch-pour-les-dys-severes","status":"publish","type":"page","link":"https:\/\/apedys35.org\/index.php\/vers-la-mdph\/2023-pch-pour-les-dys-severes\/","title":{"rendered":"2023: PCH pour les dys s\u00e9v\u00e8res"},"content":{"rendered":"\n<p><\/p>\n\n\n\n<p><strong>\u00c0 partir de 2023<\/strong> les conditions d\u2019attribution de la<strong> PCH Aide Humaine seront modifi\u00e9es pour une meilleure accessibilit\u00e9 aux personnes porteuses<\/strong> de handicaps psychiques, mentaux, cognitifs et <strong>des troubles du neurod\u00e9veloppement<\/strong>.<br>Le soutien \u00e0 l\u2019autonomie sera int\u00e9gr\u00e9 dans les Actes Essentiels. L\u2019Article 2 du D\u00e9cret nomme en plus des activit\u00e9s existantes ( 19 activit\u00e9s : marcher, se laver, \u2026) une vingti\u00e8me : \u00ab <strong>entreprendre des t\u00e2ches multiple<\/strong>s \u00bb .La PCH pourra ainsi \u00eatre accessible \u00e0 des personnes qui sont en capacit\u00e9 physique de r\u00e9aliser un acte essentiel, mais pour lesquelles des troubles de la motivation de volition, de concentration, de cognition sociale emp\u00eache la r\u00e9alisation sans guidance.<\/p>\n\n\n\n<p>L&#8217;Article 2.7 pr\u00e9cise : \u00ab Entreprendre des t\u00e2ches multiples\u00ab D\u00e9finition : Entreprendre des actions simples ou complexes et coordonn\u00e9es, qui sont les composantes de t\u00e2ches multiples, int\u00e9gr\u00e9es ou complexes, r\u00e9alis\u00e9es l&#8217;une apr\u00e8s l&#8217;autre ou simultan\u00e9ment.\u00ab<strong> Inclusion : effectuer des t\u00e2ches multiples ; les mener \u00e0 terme ; les entreprendre de mani\u00e8re ind\u00e9pendante ou en groupe, les r\u00e9aliser dans des d\u00e9lais contraints ou dans l&#8217;urgence, incluant anticiper, planifier, ex\u00e9cuter et v\u00e9rifier des t\u00e2ches, acqu\u00e9rir un savoir-faire, g\u00e9rer son temps, r\u00e9soudre des probl\u00e8mes.<\/strong> \u00bb Selon l\u2019\u00e9valuation du besoin, 3 heures journali\u00e8res pourraient \u00eatre attribu\u00e9es, capitalisables sur 12 mois, et pourraient s\u2019ajouter \u00e0 d\u2019autres heures de besoin de surveillance. Trois forfaits, de 30, 50 et 80h de PCH aide humaine mensuelle par mois pour les personnes sourdaveugles, forfait pouvant \u00eatre d\u00e9pass\u00e9 en cas de besoins. La CNSA r\u00e9digera un guide et organisera des formations \u00e0 destination des MDPH.<\/p>\n\n\n\n<p>Le D\u00e9cret : <a href=\"https:\/\/www.legifrance.gouv.fr\/download\/pdf?id=3y00buMB_vU-njmmrq3Yf1sDFihSq-tW46KWa2ISZzs%3D\" target=\"_blank\" rel=\"noreferrer noopener\">https:\/\/www.legifrance.gouv.fr\/download\/pdf?id=3y00buMB_vU-njmmrq3Yf1sDFihSq-tW46KWa2ISZzs%3D<\/a><\/p>\n\n\n\n<p><\/p>\n\n\n\n<h2 class=\"has-gray-background-color has-background wp-block-heading\">PCH ou AEEH?<\/h2>\n\n\n\n<p><a href=\"https:\/\/www.caf.fr\/allocataires\/vies-de-famille\/vivre-avec-un-handicap\/vos-droits\/handicap-complement-d-aeeh-ou-pch-que-choisir#:~:text=d'%C3%AAtre%20%C3%A9tudi%C3%A9s.-,%C2%AB%20Si%20l'enfant%20est%20en%20bas%20%C3%A2ge%20et%20que%20l,un%20%C3%A9ducateur%2C%20par%20exemple.%20%C2%BB\" target=\"_blank\" rel=\"noreferrer noopener\">https:\/\/www.caf.fr\/allocataires\/vies-de-famille\/vivre-avec-un-handicap\/vos-droits\/handicap-complement-d-aeeh-ou-pch-que-choisir#:~:text=d&#8217;%C3%AAtre%20%C3%A9tudi%C3%A9s.-,%C2%AB%20Si%20l&#8217;enfant%20est%20en%20bas%20%C3%A2ge%20et%20que%20l,un%20%C3%A9ducateur%2C%20par%20exemple.%20%C2%BB<\/a><\/p>\n\n\n\n<p><a href=\"https:\/\/www.enfant-different.org\/vos-aides\/aeeh-pch-cumul-entre-les-allocations\">https:\/\/www.enfant-different.org\/vos-aides\/aeeh-pch-cumul-entre-les-allocations<\/a><\/p>\n\n\n\n<p><\/p>\n","protected":false},"excerpt":{"rendered":"<p>\u00c0 partir de 2023 les conditions d\u2019attribution de la PCH Aide Humaine seront modifi\u00e9es pour une meilleure accessibilit\u00e9 aux personnes porteuses de handicaps psychiques, mentaux, cognitifs et des troubles du&hellip; <a class=\"more-link\" href=\"https:\/\/apedys35.org\/index.php\/vers-la-mdph\/2023-pch-pour-les-dys-severes\/\">Continue reading <span class=\"screen-reader-text\">2023: PCH pour les dys s\u00e9v\u00e8res<\/span><\/a><\/p>\n","protected":false},"author":1,"featured_media":0,"parent":348,"menu_order":6,"comment_status":"closed","ping_status":"closed","template":"","meta":{"footnotes":""},"class_list":["post-488","page","type-page","status-publish","hentry","entry"],"_links":{"self":[{"href":"https:\/\/apedys35.org\/index.php\/wp-json\/wp\/v2\/pages\/488","targetHints":{"allow":["GET"]}}],"collection":[{"href":"https:\/\/apedys35.org\/index.php\/wp-json\/wp\/v2\/pages"}],"about":[{"href":"https:\/\/apedys35.org\/index.php\/wp-json\/wp\/v2\/types\/page"}],"author":[{"embeddable":true,"href":"https:\/\/apedys35.org\/index.php\/wp-json\/wp\/v2\/users\/1"}],"replies":[{"embeddable":true,"href":"https:\/\/apedys35.org\/index.php\/wp-json\/wp\/v2\/comments?post=488"}],"version-history":[{"count":4,"href":"https:\/\/apedys35.org\/index.php\/wp-json\/wp\/v2\/pages\/488\/revisions"}],"predecessor-version":[{"id":493,"href":"https:\/\/apedys35.org\/index.php\/wp-json\/wp\/v2\/pages\/488\/revisions\/493"}],"up":[{"embeddable":true,"href":"https:\/\/apedys35.org\/index.php\/wp-json\/wp\/v2\/pages\/348"}],"wp:attachment":[{"href":"https:\/\/apedys35.org\/index.php\/wp-json\/wp\/v2\/media?parent=488"}],"curies":[{"name":"wp","href":"https:\/\/api.w.org\/{rel}","templated":true}]}}