{"id":428,"date":"2020-02-17T12:11:00","date_gmt":"2020-02-17T11:11:00","guid":{"rendered":"http:\/\/apedys35.org\/?page_id=428"},"modified":"2022-04-17T12:15:00","modified_gmt":"2022-04-17T10:15:00","slug":"etudiants","status":"publish","type":"page","link":"https:\/\/apedys35.org\/index.php\/etudiants\/","title":{"rendered":"\u00c9tudiants"},"content":{"rendered":"\n<h2 class=\"wp-block-heading\">ETUDYS<\/h2>\n\n\n\n<p><br>La dyslexie des adultes int\u00e9resse Eddy Cavalli, enseignant-chercheur en psychologie cognitive et sciences cognitives, qui vient de rejoindre le laboratoire d\u2019\u00e9tude des m\u00e9canismes cognitifs ( EMC). Il s\u2019est demand\u00e9 comment ces \u00e9tudiants parvenaient \u00e0 mener leurs \u00e9tudes sup\u00e9rieures en d\u00e9pit de leurs difficult\u00e9s d\u2019apprentissage. Son hypoth\u00e8se ? Ils auraient mis en place des strat\u00e9gies cognitives pour s\u2019adapter et compenser leur handicap. \u00ab Parmi ces strat\u00e9gies, nous avons identifi\u00e9 l\u2019implication de certaines des comp\u00e9tences langagi\u00e8res orales, comme le vocabulaire, ou les connaissances morphologiques \u00bb, explique-t-il.<\/p>\n\n\n\n<p>Ses travaux sugg\u00e8rent que pour lire les \u00e9tudiants dyslexiques s\u2019appuieraient fortement sur leurs comp\u00e9tences s\u00e9mantiques. \u00ab Ils r\u00e9ussissent \u00e0 produire des d\u00e9finitions de mots pr\u00e9sent\u00e9s \u00e0 l\u2019oral de mani\u00e8re plus pr\u00e9cise que leurs pairs non-dyslexiques, ajoute-t-il. Principalement lorsque ces mots pr\u00e9sentent une complexit\u00e9 s\u00e9mantique importante. \u00bb<\/p>\n\n\n\n<p><a href=\"https:\/\/www.msh-lse.fr\/actualites\/etudys-accueillir-accompagner-etudiants-dyslexiques\" target=\"_blank\" rel=\"noreferrer noopener\">https:\/\/www.msh-lse.fr\/actualites\/etudys-accueillir-accompagner-etudiants-dyslexiques<\/a><\/p>\n\n\n\n<p><strong>Sur le site ETUDYS ( Universit\u00e9 de Lyon)<\/strong><br>Un partenariat entre des chercheurs, la Mission Handicap de l\u2019Universit\u00e9 de Lyon et des praticiens hospitaliers a \u00e9t\u00e9 mis en place dans le cadre du projet ETUDYS. Leur \u00e9tude a point\u00e9 des difficult\u00e9s : plaintes \u00e0 propos de la prise de notes, de la g\u00eane due au bruit en cours, de la compr\u00e9hension de consignes \u00e9crites lors des examens, de l\u2019expression \u00e9crite, et de l\u2019apprentissage de l\u2019anglais.<\/p>\n\n\n\n<p>L\u2019\u00e9tude montre \u00e9galement chez ces jeunes adultes la pr\u00e9sence de d\u00e9ficit visuoattentionnel, de sensibilit\u00e9 aux crit\u00e8res habituels de groupement visuel, de d\u00e9ficits d\u2019orientation, de l\u2019attention spatiale.<br>\u00ab \u00c9tudiants dyslexiques \u00e0 l\u2019Universit\u00e9 : Sp\u00e9cificit\u00e9 des difficult\u00e9s ressenties et \u00e9valuation des d\u00e9ficits \u00bb<\/p>\n\n\n\n<p><a href=\"https:\/\/www.academia.edu\/29196863\/Etudiants_dyslexiques_%C3%A0_l_Universit%C3%A9_Sp%C3%A9cificit%C3%A9_des_difficult%C3%A9s_ressenties_et_%C3%A9valuation_des_d%C3%A9ficits\" target=\"_blank\" rel=\"noreferrer noopener\">https:\/\/www.academia.edu\/29196863\/Etudiants_dyslexiques_%C3%A0_l_Universit%C3%A9_Sp%C3%A9cificit%C3%A9_des_difficult%C3%A9s_ressenties_et_%C3%A9valuation_des_d%C3%A9ficits<\/a><\/p>\n\n\n\n<p><strong>Un programme sp\u00e9cifique pour l\u2019apprentissage de l\u2019anglais !<\/strong><\/p>\n\n\n\n<p>\u00ab Apprendre l\u2019anglais, c\u2019est difficile pour un francophone. \u00c7a l\u2019est encore plus s\u2019il est dyslexique \u00bb, souligne Nathalie Bedoin, du laboratoire DDL. Ces langues sont en effet plus diff\u00e9rentes qu\u2019il ne para\u00eet. Assimiler la phon\u00e9tique (sons des consonnes et des voyelles) et la prosodie (organisation temporelle de la voix dans la phrase) de l\u2019anglais \u00e0 celles du fran\u00e7ais conduit \u00e0 des erreurs\u2026 \u00ab Encore plus chez l\u2019apprenant dyslexique, qui a deux difficult\u00e9s fondamentales : analyser les sons de la langue et leur dur\u00e9e. \u00bb<\/p>\n\n\n\n<p>Ce constat a conduit Nathalie Bedoin \u00e0 collaborer au \u00ab Projet Dys \u2018R\u2019able \u00bb. Elle a \u00e9labor\u00e9 des tests d\u2019identification de consonnes qui diff\u00e8rent sur le plan<br>temporel, puis r\u00e9alis\u00e9 des exercices informatis\u00e9s qui r\u00e9duisent ces difficult\u00e9s en incitant \u00e0 engager les h\u00e9misph\u00e8res c\u00e9r\u00e9braux d\u2019une fa\u00e7on adapt\u00e9e \u00e0 ces consonnes. Le projet abordait aussi une singularit\u00e9 de la prosodie anglaise : l\u2019intonation finale montante des questions ferm\u00e9es, et descendante pour les questions ouvertes.<\/p>\n\n\n\n<p>\u00ab Des progr\u00e8s en production ont \u00e9t\u00e9 observ\u00e9s apr\u00e8s 45 minutes d\u2019exercices d\u2019imitation de phrases avec retour visuel instantan\u00e9 sur les courbes d\u2019intonations qu\u2019il faut tenter d\u2019ajuster, surtout apr\u00e8s l\u2019\u00e9coute d\u2019une musique dont le rythme attire l\u2019attention sur les unit\u00e9s prosodiques. \u00bb<\/p>\n\n\n\n<figure class=\"wp-block-embed is-type-wp-embed is-provider-cortex-mag wp-block-embed-cortex-mag\"><div class=\"wp-block-embed__wrapper\">\n<blockquote class=\"wp-embedded-content\" data-secret=\"kGBsuLXUId\"><a href=\"https:\/\/www.cortex-mag.net\/mieux-accompagner-les-etudiants-dyslexiques\/\">Mieux accompagner les \u00e9tudiants dyslexiques<\/a><\/blockquote><iframe loading=\"lazy\" class=\"wp-embedded-content\" sandbox=\"allow-scripts\" security=\"restricted\" style=\"position: absolute; clip: rect(1px, 1px, 1px, 1px);\" title=\"\u00ab\u00a0Mieux accompagner les \u00e9tudiants dyslexiques\u00a0\u00bb &#8212; Cortex Mag\" src=\"https:\/\/www.cortex-mag.net\/mieux-accompagner-les-etudiants-dyslexiques\/embed\/#?secret=OMFOp3HJCt#?secret=kGBsuLXUId\" data-secret=\"kGBsuLXUId\" width=\"600\" height=\"338\" frameborder=\"0\" marginwidth=\"0\" marginheight=\"0\" scrolling=\"no\"><\/iframe>\n<\/div><\/figure>\n\n\n\n<p><strong>Un Mooc \u00ab \u00c9tudiants dyslexiques dans mon amphi : comprendre et aider \u00bb<\/strong><br>Avec ce Mooc, propos\u00e9 sur la plateforme France universit\u00e9 num\u00e9rique, l\u2019\u00e9quipe du projet ETUDYS souhaite familiariser les diff\u00e9rents acteurs de l\u2019universit\u00e9 avec la dyslexie, sa prise en charge m\u00e9dico-sociale et les effets que ce trouble peut avoir sur la vie universitaire. Il est destin\u00e9 aux enseignants de l\u2019enseignement sup\u00e9rieur et plus largement aux \u00e9quipes p\u00e9dagogiques.<\/p>\n\n\n\n<p><a href=\"https:\/\/www.fun-mooc.fr\/courses\/course-v1:ENSDeLyon+14006+session01\/about\" target=\"_blank\" rel=\"noreferrer noopener\">https:\/\/www.fun-mooc.fr\/courses\/course-v1:ENSDeLyon+14006+session01\/about<\/a><\/p>\n\n\n\n<p><strong>Sur le site \u00ab APACHES \u00bb<\/strong>&nbsp;(Association des Professionnels d\u2019Accompagnement du<br>Handicap dans l\u2019Enseignement Sup\u00e9rieur) des conseils pour tous les \u00e9tudiants Dys : dyslexiques, dyspraxiques, dysphasiques, TDA\/H et des conseils sur les logiciels.<\/p>\n\n\n\n<p><a rel=\"noreferrer noopener\" href=\"http:\/\/asso-apaches.fr\/atelier-dys\" target=\"_blank\">http:\/\/asso-apaches.fr\/atelier-dys<\/a><\/p>\n\n\n\n<p><\/p>\n","protected":false},"excerpt":{"rendered":"<p>ETUDYS La dyslexie des adultes int\u00e9resse Eddy Cavalli, enseignant-chercheur en psychologie cognitive et sciences cognitives, qui vient de rejoindre le laboratoire d\u2019\u00e9tude des m\u00e9canismes cognitifs ( EMC). Il s\u2019est demand\u00e9&hellip; <a class=\"more-link\" href=\"https:\/\/apedys35.org\/index.php\/etudiants\/\">Continue reading <span class=\"screen-reader-text\">\u00c9tudiants<\/span><\/a><\/p>\n","protected":false},"author":1,"featured_media":0,"parent":0,"menu_order":0,"comment_status":"closed","ping_status":"closed","template":"","meta":{"footnotes":""},"class_list":["post-428","page","type-page","status-publish","hentry","entry"],"_links":{"self":[{"href":"https:\/\/apedys35.org\/index.php\/wp-json\/wp\/v2\/pages\/428","targetHints":{"allow":["GET"]}}],"collection":[{"href":"https:\/\/apedys35.org\/index.php\/wp-json\/wp\/v2\/pages"}],"about":[{"href":"https:\/\/apedys35.org\/index.php\/wp-json\/wp\/v2\/types\/page"}],"author":[{"embeddable":true,"href":"https:\/\/apedys35.org\/index.php\/wp-json\/wp\/v2\/users\/1"}],"replies":[{"embeddable":true,"href":"https:\/\/apedys35.org\/index.php\/wp-json\/wp\/v2\/comments?post=428"}],"version-history":[{"count":1,"href":"https:\/\/apedys35.org\/index.php\/wp-json\/wp\/v2\/pages\/428\/revisions"}],"predecessor-version":[{"id":429,"href":"https:\/\/apedys35.org\/index.php\/wp-json\/wp\/v2\/pages\/428\/revisions\/429"}],"wp:attachment":[{"href":"https:\/\/apedys35.org\/index.php\/wp-json\/wp\/v2\/media?parent=428"}],"curies":[{"name":"wp","href":"https:\/\/api.w.org\/{rel}","templated":true}]}}