{"id":374,"date":"2022-04-15T19:12:18","date_gmt":"2022-04-15T17:12:18","guid":{"rendered":"http:\/\/apedys35.org\/?page_id=374"},"modified":"2022-04-15T19:12:18","modified_gmt":"2022-04-15T17:12:18","slug":"prise-en-charge-lergotherapeute","status":"publish","type":"page","link":"https:\/\/apedys35.org\/index.php\/prise-en-charge-les-professionnels-de-sante-pour-quoi-faire\/prise-en-charge-lergotherapeute\/","title":{"rendered":"Prise en charge : L\u2019ergoth\u00e9rapeute"},"content":{"rendered":"\n<p id=\"block-42c389bd-d789-4be2-aea5-848087a12127\"><strong><br>L\u2019ergoth\u00e9rapeute<\/strong><br>Sp\u00e9cialiste de la r\u00e9\u00e9ducation du geste, l\u2019ergoth\u00e9rapeute \u00e9value la motricit\u00e9 fine, la coordination bi-manuelle, les coordinations sensori-motrices et\/ou les fonctions visuospatiales. Ces d\u00e9fauts d\u2019automatisation entrainent des difficult\u00e9s importantes \u00e0 travailler en double t\u00e2che. Il aide \u00e0 acqu\u00e9rir des strat\u00e9gies praxiques en recourant \u00e0 diff\u00e9rentes techniques manuelles \u00e9l\u00e9mentaires. Il intervient aussi dans la r\u00e9\u00e9ducation du graphisme et le choix des aides techniques adapt\u00e9es.<\/p>\n\n\n\n<p id=\"block-1ebec0ba-61ec-4e31-a338-ae282895f5b5\"><strong>Parole d\u2019ergoth\u00e9rapeute<\/strong><\/p>\n\n\n\n<p id=\"block-720097d2-4783-4667-9776-40716b17392a\"><strong>Qu\u2019est-ce qu\u2019un ergoth\u00e9rapeute ?<\/strong><br>L\u2019ergoth\u00e9rapeute est un professionnel de sant\u00e9 qui fonde sa pratique sur le lien entre l\u2019activit\u00e9 humaine et la sant\u00e9.<br>L\u2019objectif de l\u2019ergoth\u00e9rapie est de maintenir, de restaurer et de permettre les activit\u00e9s humaines de mani\u00e8re s\u00e9curis\u00e9e, autonome et efficace. Elle pr\u00e9vient, r\u00e9duit ou supprime les situations de handicap en tenant compte des habitudes de vie des personnes et de leur environnement. L\u2019ergoth\u00e9rapeute est l\u2019interm\u00e9diaire entre les besoins d\u2019adaptation de la personne et les exigences de la vie quotidienne en soci\u00e9t\u00e9.<br>L\u2019ergoth\u00e9rapeute propose des interventions qui visent \u00e0 am\u00e9liorer les comp\u00e9tences, les capacit\u00e9s et les fonctions qui forment la base du savoir-faire dans les activit\u00e9s de la vie quotidienne.<\/p>\n\n\n\n<p id=\"block-9082e67b-6766-41e6-8315-2f07b044f18e\"><strong>Quel est son r\u00f4le dans l\u2019accompagnement de l\u2019enfant pr\u00e9sentant des troubles des apprentissages ?<\/strong><\/p>\n\n\n\n<ul class=\"wp-block-list\" id=\"block-60f39301-efeb-4e20-bb07-30e6e8f1c3c6\"><li>Observer l\u2019enfant dans ses diff\u00e9rents milieu de vie<\/li><li>Evaluer son d\u00e9veloppement sur les plans sensoriel, moteur, perceptuel et organisationnel \u00e0 l\u2019aide d\u2019activit\u00e9 et de tests<\/li><li>Pr\u00e9ciser son niveau d\u2019autonomie et sa capacit\u00e9 \u00e0 r\u00e9pondre aux demandes li\u00e9es \u00e0 son \u00e2ge et aux exigences de la vie quotidienne<\/li><li>R\u00e9\u00e9duquer sp\u00e9cifiquement les fonctions sensorielles, motrices, perceptuelles ou cognitives<\/li><li>Lui enseigner des fa\u00e7ons de r\u00e9fl\u00e9chir lorsqu\u2019il apprend de nouvelles t\u00e2ches, ainsi que des strat\u00e9gies pour compenser les difficult\u00e9s motrices et visuo-perceptuelles<\/li><li>Recommander l\u2019adaptation du mat\u00e9riel et de l\u2019environnement et sugg\u00e9rer certains \u00e9quipements sp\u00e9cialis\u00e9s pour maximiser la participation de l\u2019enfant<\/li><li>Aider l\u2019enfant lui-m\u00eame, ses parents et les enseignants \u00e0 mieux comprendre les cons\u00e9quences des troubles des apprentissages et miser sur les forces de l\u2019enfant pour engendrer des r\u00e9ussites<\/li><li>Aider les parents et les enseignants \u00e0 entretenir des attentes r\u00e9alistes envers les enfants<\/li><li>R\u00e9f\u00e9rer aux besoins \u00e0 d\u2019autres sp\u00e9cialistes et travailler en \u00e9troite collaboration avec les intervenants concern\u00e9s<\/li><\/ul>\n\n\n\n<p id=\"block-e78240dc-6c23-4dee-aae3-4915632e6c4e\"><strong>Dans quel but intervient-il ?<\/strong><br>Pour la vie quotidienne de l\u2019enfant :<\/p>\n\n\n\n<ul class=\"wp-block-list\" id=\"block-909dcecd-5db6-4afe-92f9-6799a0185273\"><li>Trouver des strat\u00e9gies pour que les gestes de la vie quotidienne soient r\u00e9alisables : enfiler un pull, faire ses lacets, se servir \u00e0 boire\u2026<\/li><li>Proposer et d\u00e9velopper des moyens de compensation pour minimiser les obstacles li\u00e9s \u00e0 l\u2019environnement : \u00e9tiquettes de rep\u00e8res, velcros, brosse \u00e0 dent \u00e9lectrique, couverts adapt\u00e9s, bo\u00eetes de rangements, horloge digitale Pour sa scolarit\u00e9<\/li><li>Accompagner l\u2019apprentissage du graphisme et si besoin y suppl\u00e9er : guide doigt, lettres magn\u00e9tiques, apprentissage du clavier d\u2019ordinateur, des logiciels\u2026<\/li><li>Am\u00e9liorer la manipulation des outils scolaires : r\u00e8gle, ciseaux, compas\u2026<\/li><li>Am\u00e9liorer la planification et l\u2019organisation dans les t\u00e2ches, par des strat\u00e9gies ou en adaptant l\u2019environnement<\/li><li>Informer et conseiller les enseignants, leur proposer des adaptations de m\u00e9thodes et de supports de travail<\/li><\/ul>\n\n\n\n<p id=\"block-86b4baac-5bbb-421a-bfe8-c67180670078\">Pour ses loisirs :<\/p>\n\n\n\n<ul class=\"wp-block-list\" id=\"block-41c6990c-0126-4033-b399-5a24091c553e\"><li>Pr\u00e9coniser certaines activit\u00e9s plus pertinentes que d\u2019autres<\/li><li>Proposer des adaptations mat\u00e9rielles pour permettre \u00e0 l\u2019enfant d\u2019acc\u00e9der \u00e0 l\u2019activit\u00e9 qu\u2019il souhaite faire<\/li><\/ul>\n\n\n\n<p id=\"block-f20481ab-4426-4779-821e-12dd444f6b5c\">Pour son bien \u00eatre et son \u00e9panouissement :<\/p>\n\n\n\n<ul class=\"wp-block-list\" id=\"block-1e78ec3f-b4d7-404b-89ef-fe794611908d\"><li>Informer, conseiller et accompagner l\u2019entourage<\/li><li>Amener l\u2019enfant \u00e0 prendre conscience de ses difficult\u00e9s, \u00e0 les exprimer pour mieux les contourner<\/li><li>Lui permettre d\u2019accro\u00eetre sa confiance en lui et son autonomie quotidienne<\/li><\/ul>\n\n\n\n<p id=\"block-508b08c1-5f6b-4ab9-968f-8cb523126f22\"><strong>O\u00f9 trouver un ergoth\u00e9rapeute ?<\/strong><\/p>\n\n\n\n<ul class=\"wp-block-list\" id=\"block-7cfd223f-b397-4749-bcbc-9f7ae59f5d0c\"><li>Dans les pages jaunes de l\u2019annuaire<\/li><li>Sur le site de l\u2019ANFE (Association Nationale Fran\u00e7aise des Ergoth\u00e9rapeute \u2013 anfe.fr) ou du Synfel ergolib (Syndicat des ergoth\u00e9rapeutes lib\u00e9raux \u2013 synfelergolib.fr)<\/li><\/ul>\n\n\n\n<p id=\"block-e7d34dfa-e789-4171-8742-d5f39b7ee6d0\"><strong>O\u00f9 intervient l\u2019ergoth\u00e9rapeute ?<\/strong><\/p>\n\n\n\n<ul class=\"wp-block-list\" id=\"block-06ecac30-2d8d-4354-a464-940b9c4d8d24\"><li>A l\u2019\u00e9cole, coll\u00e8ge, lyc\u00e9e, lieu de travail ou de loisir<\/li><li>Au cabinet si en lib\u00e9ral, en centre ou en service de soins<\/li><li>A domicile<\/li><\/ul>\n\n\n\n<p id=\"block-bb7f6eb8-f477-44fa-9a23-a6fd9b609efb\"><strong>Comment prendre rendez-vous ?<\/strong><\/p>\n\n\n\n<ul class=\"wp-block-list\" id=\"block-ca1c7cd0-8b21-4117-b246-8f8bb7da53eb\"><li>Les parents prennent rendez-vous d\u2019abord pour une \u00e9valuation<\/li><li>Ils doivent \u00eatre munis d\u2019une prescription m\u00e9dicale pour une \u00e9valuation en ergoth\u00e9rapie prescrite par le m\u00e9decin traitant ou le p\u00e9diatre.<\/li><li>L\u2019ergoth\u00e9rapeute exer\u00e7ant en lib\u00e9ral adressera un devis \u00e0 la famille pour l\u2019\u00e9valuation et le suivi si n\u00e9cessaire<\/li><li>A la suite de l\u2019\u00e9valuation, un rapport sera envoy\u00e9 \u00e0 la famille et au m\u00e9decin.<\/li><li>L\u2019ergoth\u00e9rapie n\u2019est pas prise en charge par la s\u00e9curit\u00e9 sociale. Si un suivi en lib\u00e9ral est n\u00e9cessaire une demande d\u2019AEEH (allocation d\u2019\u00e9ducation d\u2019enfant handicap\u00e9) avec compl\u00e9ment pourra \u00eatre adress\u00e9e \u00e0 la MDPH (maison des personnes handicap\u00e9es) pour le financement des s\u00e9ances. Une prescription m\u00e9dicale sera \u00e9galement n\u00e9cessaire.<\/li><\/ul>\n","protected":false},"excerpt":{"rendered":"<p>L\u2019ergoth\u00e9rapeuteSp\u00e9cialiste de la r\u00e9\u00e9ducation du geste, l\u2019ergoth\u00e9rapeute \u00e9value la motricit\u00e9 fine, la coordination bi-manuelle, les coordinations sensori-motrices et\/ou les fonctions visuospatiales. Ces d\u00e9fauts d\u2019automatisation entrainent des difficult\u00e9s importantes \u00e0 travailler&hellip; <a class=\"more-link\" href=\"https:\/\/apedys35.org\/index.php\/prise-en-charge-les-professionnels-de-sante-pour-quoi-faire\/prise-en-charge-lergotherapeute\/\">Continue reading <span class=\"screen-reader-text\">Prise en charge : L\u2019ergoth\u00e9rapeute<\/span><\/a><\/p>\n","protected":false},"author":1,"featured_media":0,"parent":356,"menu_order":5,"comment_status":"closed","ping_status":"closed","template":"","meta":{"footnotes":""},"class_list":["post-374","page","type-page","status-publish","hentry","entry"],"_links":{"self":[{"href":"https:\/\/apedys35.org\/index.php\/wp-json\/wp\/v2\/pages\/374","targetHints":{"allow":["GET"]}}],"collection":[{"href":"https:\/\/apedys35.org\/index.php\/wp-json\/wp\/v2\/pages"}],"about":[{"href":"https:\/\/apedys35.org\/index.php\/wp-json\/wp\/v2\/types\/page"}],"author":[{"embeddable":true,"href":"https:\/\/apedys35.org\/index.php\/wp-json\/wp\/v2\/users\/1"}],"replies":[{"embeddable":true,"href":"https:\/\/apedys35.org\/index.php\/wp-json\/wp\/v2\/comments?post=374"}],"version-history":[{"count":1,"href":"https:\/\/apedys35.org\/index.php\/wp-json\/wp\/v2\/pages\/374\/revisions"}],"predecessor-version":[{"id":375,"href":"https:\/\/apedys35.org\/index.php\/wp-json\/wp\/v2\/pages\/374\/revisions\/375"}],"up":[{"embeddable":true,"href":"https:\/\/apedys35.org\/index.php\/wp-json\/wp\/v2\/pages\/356"}],"wp:attachment":[{"href":"https:\/\/apedys35.org\/index.php\/wp-json\/wp\/v2\/media?parent=374"}],"curies":[{"name":"wp","href":"https:\/\/api.w.org\/{rel}","templated":true}]}}